{"id":1017,"date":"2026-09-05T15:40:43","date_gmt":"2026-09-05T13:40:43","guid":{"rendered":"https:\/\/berlin.humanistische-union.de\/?post_type=termin&#038;p=1017"},"modified":"2026-09-05T15:40:43","modified_gmt":"2026-09-05T13:40:43","slug":"einladung-zum-september-aktiventreffen-2","status":"publish","type":"termin","link":"https:\/\/berlin.humanistische-union.de\/termine\/2026\/einladung-zum-september-aktiventreffen-2\/","title":{"rendered":"Einladung zum September-Aktiventreffen"},"content":{"rendered":"<p>Am Dienstag, den 8. September, treffen wir uns um 19.00 Uhr in der HU-Gesch\u00e4ftsstelle zu unserem monatlichen Aktiventreffen.<\/p>\n<p>Auf dem Treffen blicken wir auf unsere beiden erfolgreichen Veranstaltungen zur\u00fcck. Die Aufzeichnungen sind gerade in Bearbeitung. Wir werden \u00fcber Reaktionen auf unsere Wahlpr\u00fcfsteine, m\u00f6gliche weitere Aktionen vor der Wahl zum Abgeordnetenhaus und m\u00f6gliche Aktionen nach der Wahl reden.<\/p>\n<p>In der Gesch\u00e4ftsstelle sind noch einige POSTKARTEN, die auf unsere <a href=\"https:\/\/wahl26.berlin\/\" target=\"_blank\" rel=\"noopener\">Wahl-Homepage https:\/\/wahl26.berlin\/<\/a>\u00a0 hinweisen. Sie k\u00f6nnen dort zu den \u00fcblichen B\u00fcrozeiten (vorher anrufen!) abgeholt oder nach dem Aktiventreffen mitgenommen werden. SIE M\u00dcSSEN UNBEDINGT VOR DER WAHL VERTEILT WERDEN!<\/p>\n<p>Weitere Vorschl\u00e4ge zur Tagesordnung sind selbstverst\u00e4ndlich willkommen. Ebenso Interessierte, neue und schon l\u00e4nger nicht aktive Mitglieder, die sich wieder im Landesverband engagieren wollen.<\/p>\n<p>Wer an dem Abend nicht teilnehmen kann, kann seinen Input gerne elektronisch an die Landesgesch\u00e4ftsstelle senden.<\/p>\n<p>&nbsp;<\/p>\n","protected":false},"featured_media":950,"template":"","categories":[111],"tags":[24,168,200,167,199],"autoren":[14],"class_list":["post-1017","termin","type-termin","status-publish","has-post-thumbnail","hentry","category-veranstaltungen","tag-berlin-termine","tag-termin","tag-termine","tag-veranstaltung","tag-veranstaltungen","autoren-humanistische-union-berlin-brandenburg"],"acf":[],"yoast_head":"<!-- This site is optimized with the Yoast SEO plugin v28.4 - https:\/\/yoast.com\/product\/yoast-seo-wordpress\/ -->\n<title>Einladung zum September-Aktiventreffen - HU Berlin-Brandenburg<\/title>\n<meta name=\"robots\" content=\"index, follow, max-snippet:-1, max-image-preview:large, max-video-preview:-1\" \/>\n<link rel=\"canonical\" href=\"https:\/\/berlin.humanistische-union.de\/termine\/2026\/einladung-zum-september-aktiventreffen-2\/\" \/>\n<meta property=\"og:locale\" content=\"de_DE\" \/>\n<meta property=\"og:type\" content=\"article\" \/>\n<meta property=\"og:title\" content=\"Einladung zum September-Aktiventreffen - HU Berlin-Brandenburg\" \/>\n<meta property=\"og:description\" content=\"Am Dienstag, den 8. September, treffen wir uns um 19.00 Uhr in der HU-Gesch\u00e4ftsstelle zu unserem monatlichen Aktiventreffen. Auf dem Treffen blicken wir auf unsere beiden erfolgreichen Veranstaltungen zur\u00fcck. Die Aufzeichnungen sind gerade in Bearbeitung. Wir werden \u00fcber Reaktionen auf unsere Wahlpr\u00fcfsteine, m\u00f6gliche weitere Aktionen vor der Wahl zum Abgeordnetenhaus und m\u00f6gliche Aktionen nach der [weiterlesen]\" \/>\n<meta property=\"og:url\" content=\"https:\/\/berlin.humanistische-union.de\/termine\/2026\/einladung-zum-september-aktiventreffen-2\/\" \/>\n<meta property=\"og:site_name\" content=\"HU Berlin-Brandenburg\" \/>\n<meta property=\"og:image\" content=\"http:\/\/berlin.humanistische-union.de\/wp-content\/uploads\/sites\/5\/2024\/06\/HU-Aktiventreffen.jpg\" \/>\n\t<meta property=\"og:image:width\" content=\"1000\" \/>\n\t<meta property=\"og:image:height\" content=\"562\" \/>\n\t<meta property=\"og:image:type\" content=\"image\/jpeg\" \/>\n<meta name=\"twitter:card\" content=\"summary_large_image\" \/>\n<meta name=\"twitter:label1\" content=\"Gesch\u00e4tzte Lesezeit\" \/>\n\t<meta name=\"twitter:data1\" content=\"1\u00a0Minute\" \/>\n<script type=\"application\/ld+json\" class=\"yoast-schema-graph\">{\"@context\":\"https:\\\/\\\/schema.org\",\"@graph\":[{\"@type\":\"WebPage\",\"@id\":\"https:\\\/\\\/berlin.humanistische-union.de\\\/termine\\\/2026\\\/einladung-zum-september-aktiventreffen-2\\\/\",\"url\":\"https:\\\/\\\/berlin.humanistische-union.de\\\/termine\\\/2026\\\/einladung-zum-september-aktiventreffen-2\\\/\",\"name\":\"Einladung zum September-Aktiventreffen - HU Berlin-Brandenburg\",\"isPartOf\":{\"@id\":\"https:\\\/\\\/berlin.humanistische-union.de\\\/#website\"},\"primaryImageOfPage\":{\"@id\":\"https:\\\/\\\/berlin.humanistische-union.de\\\/termine\\\/2026\\\/einladung-zum-september-aktiventreffen-2\\\/#primaryimage\"},\"image\":{\"@id\":\"https:\\\/\\\/berlin.humanistische-union.de\\\/termine\\\/2026\\\/einladung-zum-september-aktiventreffen-2\\\/#primaryimage\"},\"thumbnailUrl\":\"https:\\\/\\\/berlin.humanistische-union.de\\\/wp-content\\\/uploads\\\/sites\\\/5\\\/2024\\\/06\\\/HU-Aktiventreffen.jpg\",\"datePublished\":\"2026-09-05T13:40:43+00:00\",\"breadcrumb\":{\"@id\":\"https:\\\/\\\/berlin.humanistische-union.de\\\/termine\\\/2026\\\/einladung-zum-september-aktiventreffen-2\\\/#breadcrumb\"},\"inLanguage\":\"de\",\"potentialAction\":[{\"@type\":\"ReadAction\",\"target\":[\"https:\\\/\\\/berlin.humanistische-union.de\\\/termine\\\/2026\\\/einladung-zum-september-aktiventreffen-2\\\/\"]}]},{\"@type\":\"ImageObject\",\"inLanguage\":\"de\",\"@id\":\"https:\\\/\\\/berlin.humanistische-union.de\\\/termine\\\/2026\\\/einladung-zum-september-aktiventreffen-2\\\/#primaryimage\",\"url\":\"https:\\\/\\\/berlin.humanistische-union.de\\\/wp-content\\\/uploads\\\/sites\\\/5\\\/2024\\\/06\\\/HU-Aktiventreffen.jpg\",\"contentUrl\":\"https:\\\/\\\/berlin.humanistische-union.de\\\/wp-content\\\/uploads\\\/sites\\\/5\\\/2024\\\/06\\\/HU-Aktiventreffen.jpg\",\"width\":1000,\"height\":562},{\"@type\":\"BreadcrumbList\",\"@id\":\"https:\\\/\\\/berlin.humanistische-union.de\\\/termine\\\/2026\\\/einladung-zum-september-aktiventreffen-2\\\/#breadcrumb\",\"itemListElement\":[{\"@type\":\"ListItem\",\"position\":1,\"name\":\"Startseite\",\"item\":\"https:\\\/\\\/berlin.humanistische-union.de\\\/\"},{\"@type\":\"ListItem\",\"position\":2,\"name\":\"Termine\",\"item\":\"https:\\\/\\\/berlin.humanistische-union.de\\\/termine\\\/%year%\\\/\"},{\"@type\":\"ListItem\",\"position\":3,\"name\":\"Einladung zum September-Aktiventreffen\"}]},{\"@type\":\"WebSite\",\"@id\":\"https:\\\/\\\/berlin.humanistische-union.de\\\/#website\",\"url\":\"https:\\\/\\\/berlin.humanistische-union.de\\\/\",\"name\":\"HU Berlin-Brandenburg\",\"description\":\"Eine weitere HU Network Website\",\"potentialAction\":[{\"@type\":\"SearchAction\",\"target\":{\"@type\":\"EntryPoint\",\"urlTemplate\":\"https:\\\/\\\/berlin.humanistische-union.de\\\/?s={search_term_string}\"},\"query-input\":{\"@type\":\"PropertyValueSpecification\",\"valueRequired\":true,\"valueName\":\"search_term_string\"}}],\"inLanguage\":\"de\"}]}<\/script>\n<!-- \/ Yoast SEO plugin. -->","yoast_head_json":{"title":"Einladung zum September-Aktiventreffen - HU Berlin-Brandenburg","robots":{"index":"index","follow":"follow","max-snippet":"max-snippet:-1","max-image-preview":"max-image-preview:large","max-video-preview":"max-video-preview:-1"},"canonical":"https:\/\/berlin.humanistische-union.de\/termine\/2026\/einladung-zum-september-aktiventreffen-2\/","og_locale":"de_DE","og_type":"article","og_title":"Einladung zum September-Aktiventreffen - HU Berlin-Brandenburg","og_description":"Am Dienstag, den 8. September, treffen wir uns um 19.00 Uhr in der HU-Gesch\u00e4ftsstelle zu unserem monatlichen Aktiventreffen. Auf dem Treffen blicken wir auf unsere beiden erfolgreichen Veranstaltungen zur\u00fcck. Die Aufzeichnungen sind gerade in Bearbeitung. Wir werden \u00fcber Reaktionen auf unsere Wahlpr\u00fcfsteine, m\u00f6gliche weitere Aktionen vor der Wahl zum Abgeordnetenhaus und m\u00f6gliche Aktionen nach der [weiterlesen]","og_url":"https:\/\/berlin.humanistische-union.de\/termine\/2026\/einladung-zum-september-aktiventreffen-2\/","og_site_name":"HU Berlin-Brandenburg","og_image":[{"width":1000,"height":562,"url":"http:\/\/berlin.humanistische-union.de\/wp-content\/uploads\/sites\/5\/2024\/06\/HU-Aktiventreffen.jpg","type":"image\/jpeg"}],"twitter_card":"summary_large_image","twitter_misc":{"Gesch\u00e4tzte Lesezeit":"1\u00a0Minute"},"schema":{"@context":"https:\/\/schema.org","@graph":[{"@type":"WebPage","@id":"https:\/\/berlin.humanistische-union.de\/termine\/2026\/einladung-zum-september-aktiventreffen-2\/","url":"https:\/\/berlin.humanistische-union.de\/termine\/2026\/einladung-zum-september-aktiventreffen-2\/","name":"Einladung zum September-Aktiventreffen - HU Berlin-Brandenburg","isPartOf":{"@id":"https:\/\/berlin.humanistische-union.de\/#website"},"primaryImageOfPage":{"@id":"https:\/\/berlin.humanistische-union.de\/termine\/2026\/einladung-zum-september-aktiventreffen-2\/#primaryimage"},"image":{"@id":"https:\/\/berlin.humanistische-union.de\/termine\/2026\/einladung-zum-september-aktiventreffen-2\/#primaryimage"},"thumbnailUrl":"https:\/\/berlin.humanistische-union.de\/wp-content\/uploads\/sites\/5\/2024\/06\/HU-Aktiventreffen.jpg","datePublished":"2026-09-05T13:40:43+00:00","breadcrumb":{"@id":"https:\/\/berlin.humanistische-union.de\/termine\/2026\/einladung-zum-september-aktiventreffen-2\/#breadcrumb"},"inLanguage":"de","potentialAction":[{"@type":"ReadAction","target":["https:\/\/berlin.humanistische-union.de\/termine\/2026\/einladung-zum-september-aktiventreffen-2\/"]}]},{"@type":"ImageObject","inLanguage":"de","@id":"https:\/\/berlin.humanistische-union.de\/termine\/2026\/einladung-zum-september-aktiventreffen-2\/#primaryimage","url":"https:\/\/berlin.humanistische-union.de\/wp-content\/uploads\/sites\/5\/2024\/06\/HU-Aktiventreffen.jpg","contentUrl":"https:\/\/berlin.humanistische-union.de\/wp-content\/uploads\/sites\/5\/2024\/06\/HU-Aktiventreffen.jpg","width":1000,"height":562},{"@type":"BreadcrumbList","@id":"https:\/\/berlin.humanistische-union.de\/termine\/2026\/einladung-zum-september-aktiventreffen-2\/#breadcrumb","itemListElement":[{"@type":"ListItem","position":1,"name":"Startseite","item":"https:\/\/berlin.humanistische-union.de\/"},{"@type":"ListItem","position":2,"name":"Termine","item":"https:\/\/berlin.humanistische-union.de\/termine\/%year%\/"},{"@type":"ListItem","position":3,"name":"Einladung zum September-Aktiventreffen"}]},{"@type":"WebSite","@id":"https:\/\/berlin.humanistische-union.de\/#website","url":"https:\/\/berlin.humanistische-union.de\/","name":"HU Berlin-Brandenburg","description":"Eine weitere HU Network Website","potentialAction":[{"@type":"SearchAction","target":{"@type":"EntryPoint","urlTemplate":"https:\/\/berlin.humanistische-union.de\/?s={search_term_string}"},"query-input":{"@type":"PropertyValueSpecification","valueRequired":true,"valueName":"search_term_string"}}],"inLanguage":"de"}]}},"_links":{"self":[{"href":"https:\/\/berlin.humanistische-union.de\/hu-json\/wp\/v2\/termin\/1017","targetHints":{"allow":["GET"]}}],"collection":[{"href":"https:\/\/berlin.humanistische-union.de\/hu-json\/wp\/v2\/termin"}],"about":[{"href":"https:\/\/berlin.humanistische-union.de\/hu-json\/wp\/v2\/types\/termin"}],"wp:featuredmedia":[{"embeddable":true,"href":"https:\/\/berlin.humanistische-union.de\/hu-json\/wp\/v2\/media\/950"}],"wp:attachment":[{"href":"https:\/\/berlin.humanistische-union.de\/hu-json\/wp\/v2\/media?parent=1017"}],"wp:term":[{"taxonomy":"category","embeddable":true,"href":"https:\/\/berlin.humanistische-union.de\/hu-json\/wp\/v2\/categories?post=1017"},{"taxonomy":"post_tag","embeddable":true,"href":"https:\/\/berlin.humanistische-union.de\/hu-json\/wp\/v2\/tags?post=1017"},{"taxonomy":"autoren","embeddable":true,"href":"https:\/\/berlin.humanistische-union.de\/hu-json\/wp\/v2\/autoren?post=1017"}],"curies":[{"name":"wp","href":"https:\/\/api.w.org\/{rel}","templated":true}]}}